{"id":759,"date":"2021-01-28T19:24:59","date_gmt":"2021-01-28T18:24:59","guid":{"rendered":"https:\/\/wb-sfb.machleidt.info\/ausstellung\/?page_id=759"},"modified":"2021-01-28T23:44:45","modified_gmt":"2021-01-28T22:44:45","slug":"phase-1-1008-ausgeschieden","status":"publish","type":"page","link":"https:\/\/wb-sfb.machleidt.info\/ausstellung\/phase-1-1008-ausgeschieden\/","title":{"rendered":"Phase 1 &#8211; 1008 (ausgeschieden)"},"content":{"rendered":"<div class=\"su-row\"><div class=\"su-column su-column-size-1-2\"><div class=\"su-column-inner su-u-clearfix su-u-trim\">\n<p><img loading=\"lazy\" decoding=\"async\" class=\"alignnone size-full wp-image-774 zoooom\" src=\"https:\/\/wb-sfb.machleidt.info\/ausstellung\/wp-content\/uploads\/2021\/01\/PH1_1008-scaled.jpg\" alt=\"\" width=\"1810\" height=\"2560\" srcset=\"https:\/\/wb-sfb.machleidt.info\/ausstellung\/wp-content\/uploads\/2021\/01\/PH1_1008-scaled.jpg 1810w, https:\/\/wb-sfb.machleidt.info\/ausstellung\/wp-content\/uploads\/2021\/01\/PH1_1008-212x300.jpg 212w, https:\/\/wb-sfb.machleidt.info\/ausstellung\/wp-content\/uploads\/2021\/01\/PH1_1008-768x1086.jpg 768w, https:\/\/wb-sfb.machleidt.info\/ausstellung\/wp-content\/uploads\/2021\/01\/PH1_1008-1086x1536.jpg 1086w, https:\/\/wb-sfb.machleidt.info\/ausstellung\/wp-content\/uploads\/2021\/01\/PH1_1008-1448x2048.jpg 1448w\" sizes=\"auto, (max-width: 1810px) 100vw, 1810px\" \/><\/p>\n<\/div><\/div> <div class=\"su-column su-column-size-1-2\"><div class=\"su-column-inner su-u-clearfix su-u-trim\">\n<p><strong>Sommerlad Haase Kuhli Landschaftsarchitekten,<br \/>Gie\u00dfen<\/strong><br \/>\nVerfasser: Raimund Haase<\/p>\n<p><strong>H. Gies Architekten, Mainz<\/strong><br \/>\nVerfasser: Heribert Gies<br \/>\nMitarbeit: Daniel Rutic<\/p>\n<p>Die vorgeschlagene Bebauungsstruktur definiert zwei lineare Pl\u00e4tze als kompakte Erschlie\u00dfungselemente und als zentraler Treffpunkt f\u00fcr Leistungssportlerinnen und Breitensportlerinnen. Hier sind die gemeinsamen Nutzungen, die KiTa, das Restaurant und der Fanshop \u00a0angeordnet. Die Arena und das Fu\u00dfballstadion, beide mit zeitweise hohem Besucheraufkommen, erhalten dadurch jeweils eigene Vorpl\u00e4tze.<\/p>\n<p>Das lineare Element verbindet den Haupteingang im S\u00fcden am Wei\u00dfenseer Weg mit dem Zugang im Norden. Von der Konrad-Wolf-Stra\u00dfe im Osten und der Fritz-Lech-Stra\u00dfe im Westen f\u00fchren sekund\u00e4re Erschlie\u00dfungswege ins Zentrum.<\/div><\/div> <\/div>\n<p>Das reduzierte Erschlie\u00dfungssystem wird mit Gr\u00fcnstrukturen \u00fcberlagert. So entstehen vielf\u00e4ltige Au\u00dfenr\u00e4ume mit hoher Aufenthaltsqualit\u00e4t f\u00fcr unterschiedliche Nutzungen und die verschiedene Sportarten.<\/p>\n<p>Ziel der Freianlagenplanung auf der Ebene des Masterplanes sollte die Entwicklung eines zukunftsf\u00e4higen und nachhaltigen gr\u00fcnen Sportzentrums sein. Das angestrebte neue Image eines landschaftsdurchdrungenen Campus entsteht in dem Entwurf durch die Entwicklung markanter Gr\u00fcnstrukturen in Form der das gesamte Areal \u00fcberlagernden Baumhallen. Diese deutlich ablesbaren Strukturen gliedern den Raum in Bereiche, sie schaffen eine Klammer und gleichzeitig Ordnungsstruktur zwischen den unterschiedlichen Sporteinrichtungen und den dazwischenliegenden Freir\u00e4umen.<\/p>\n<p>Die Konzeption erm\u00f6glicht die Entwicklung von unterschiedlichsten Angeboten f\u00fcr sportbezogene Mehrfachnutzungen und eine \u00d6ffnung f\u00fcr die Allgemeinheit. Sport und Bewegung mit Verweilqualit\u00e4t kann hier sowohl in besonnten Bereichen wie auch im lichten Schatten gro\u00dfer B\u00e4ume ausge\u00fcbt werden. Diese robuste Gr\u00fcnstruktur aus Baumarten, die unter dem Gesichtspunkt des sich stetig erw\u00e4rmenden Klimas ausgew\u00e4hlt werden kann als ein weiterer Baustein innerhalb der \u00fcbergeordneten Gr\u00fcnverbindungen von Berlin betrachtet werden.<\/p>\n<p>In diese vegetative Grundstruktur f\u00fcgen sich die \u00dcberlegungen zur Regenwasserbewirtschaftung als integraler Bestandteil der Freiraumplanung ein. Die konzeptionellen Ans\u00e4tze der Minimierung der Versiegelung in Verbindung mit Nutzung, Verdunstung und Versickerung des Wassers lassen sich in diesem Ansatz hervorragend weiterentwickeln.<\/p>\n<p>Die Nutzung des Wassers erfolgt innerhalb der neuen Sportfl\u00e4chen \u00fcber entsprechende Zisternen. Die Baumhallen tragen bei entsprechender Wasserzuf\u00fchrung zur Verdunstung bei und bewirken eine Verbesserung des lokalen Kleinklimas und K\u00fchlung des Sportzentrums. In den offenen Zwischenr\u00e4umen k\u00f6nnen gro\u00dffl\u00e4chige Verdunstungsbeete angelegt werden, Versickerung kann wiederum in Mulden oder Baumrigolen stattfinden. Damit kann und soll die Regenwasserbewirtschaftung zu einem wichtigen Gestaltungselement des Sportforums werden.<\/p>\n<p>Mit diesem Entwurfsansatz wird die angestrebte Multicodierung von Freifl\u00e4chen in Form der \u00dcberlagerung von st\u00e4dtebaulichen, freiraumplanerischen und sportlichen Anforderungen unter Ber\u00fccksichtigung des Umgangs mit dem Thema der Regenwassernutzung und letztendlich der Entwicklung klimagerechter Stadtr\u00e4ume angestrebt.<\/p>\n","protected":false},"excerpt":{"rendered":"","protected":false},"author":1,"featured_media":0,"parent":0,"menu_order":0,"comment_status":"closed","ping_status":"closed","template":"","meta":{"footnotes":""},"class_list":["post-759","page","type-page","status-publish","hentry","comments-off"],"_links":{"self":[{"href":"https:\/\/wb-sfb.machleidt.info\/ausstellung\/wp-json\/wp\/v2\/pages\/759","targetHints":{"allow":["GET"]}}],"collection":[{"href":"https:\/\/wb-sfb.machleidt.info\/ausstellung\/wp-json\/wp\/v2\/pages"}],"about":[{"href":"https:\/\/wb-sfb.machleidt.info\/ausstellung\/wp-json\/wp\/v2\/types\/page"}],"author":[{"embeddable":true,"href":"https:\/\/wb-sfb.machleidt.info\/ausstellung\/wp-json\/wp\/v2\/users\/1"}],"replies":[{"embeddable":true,"href":"https:\/\/wb-sfb.machleidt.info\/ausstellung\/wp-json\/wp\/v2\/comments?post=759"}],"version-history":[{"count":9,"href":"https:\/\/wb-sfb.machleidt.info\/ausstellung\/wp-json\/wp\/v2\/pages\/759\/revisions"}],"predecessor-version":[{"id":899,"href":"https:\/\/wb-sfb.machleidt.info\/ausstellung\/wp-json\/wp\/v2\/pages\/759\/revisions\/899"}],"wp:attachment":[{"href":"https:\/\/wb-sfb.machleidt.info\/ausstellung\/wp-json\/wp\/v2\/media?parent=759"}],"curies":[{"name":"wp","href":"https:\/\/api.w.org\/{rel}","templated":true}]}}